{"id":1233,"date":"2023-01-31T11:52:43","date_gmt":"2023-01-31T09:52:43","guid":{"rendered":"https:\/\/www.wac2027.com\/esp\/?page_id=1233"},"modified":"2023-03-27T13:23:47","modified_gmt":"2023-03-27T11:23:47","slug":"sudafrica","status":"publish","type":"page","link":"https:\/\/www.wac2027.com\/esp\/sudafrica\/","title":{"rendered":"Sud\u00e1frica"},"content":{"rendered":"<p>[et_pb_section fb_built=&#8221;1&#8243; module_class=&#8221;page-title&#8221; _builder_version=&#8221;4.17.4&#8243; _module_preset=&#8221;default&#8221; background_image=&#8221;https:\/\/www.wac2027.com\/esp\/wp-content\/uploads\/2023\/01\/table-mountain-g5f4180b6b_1920.jpg&#8221; background_position=&#8221;center_left&#8221; global_colors_info=&#8221;{}&#8221;][et_pb_row _builder_version=&#8221;4.17.4&#8243; _module_preset=&#8221;default&#8221; global_colors_info=&#8221;{}&#8221;][et_pb_column type=&#8221;4_4&#8243; _builder_version=&#8221;4.17.4&#8243; _module_preset=&#8221;default&#8221; global_colors_info=&#8221;{}&#8221;][et_pb_post_title meta=&#8221;off&#8221; featured_image=&#8221;off&#8221; _builder_version=&#8221;4.17.4&#8243; _module_preset=&#8221;default&#8221; global_colors_info=&#8221;{}&#8221;][\/et_pb_post_title][et_pb_text _builder_version=&#8221;4.20.0&#8243; _module_preset=&#8221;default&#8221; hover_enabled=&#8221;0&#8243; global_colors_info=&#8221;{}&#8221; sticky_enabled=&#8221;0&#8243;]<a href=\"https:\/\/www.wac2027.com\/esp\/wp\">Inicio<\/a>\u00a0 \/\/ \u00a0Sud\u00e1frica[\/et_pb_text][\/et_pb_column][\/et_pb_row][\/et_pb_section][et_pb_section fb_built=&#8221;1&#8243; module_class=&#8221;pledge&#8221; _builder_version=&#8221;4.19.4&#8243; _module_preset=&#8221;default&#8221; custom_padding=&#8221;0px||0px||false|false&#8221; global_module=&#8221;1383&#8243; global_colors_info=&#8221;{}&#8221;][et_pb_row _builder_version=&#8221;4.19.4&#8243; _module_preset=&#8221;default&#8221; custom_padding=&#8221;0px||0px||false|false&#8221; global_colors_info=&#8221;{}&#8221;][et_pb_column type=&#8221;4_4&#8243; _builder_version=&#8221;4.19.4&#8243; _module_preset=&#8221;default&#8221; global_colors_info=&#8221;{}&#8221;][et_pb_button button_url=&#8221;https:\/\/www.wac2027.com\/esp\/pledge-your-support\/&#8221; button_text=&#8221;BRINDE SU APOYO&#8221; _builder_version=&#8221;4.20.0&#8243; _module_preset=&#8221;default&#8221; global_colors_info=&#8221;{}&#8221;][\/et_pb_button][\/et_pb_column][\/et_pb_row][\/et_pb_section][et_pb_section fb_built=&#8221;1&#8243; _builder_version=&#8221;4.19.4&#8243; _module_preset=&#8221;default&#8221; global_colors_info=&#8221;{}&#8221;][et_pb_row _builder_version=&#8221;4.17.4&#8243; _module_preset=&#8221;default&#8221; global_colors_info=&#8221;{}&#8221;][et_pb_column type=&#8221;4_4&#8243; _builder_version=&#8221;4.17.4&#8243; _module_preset=&#8221;default&#8221; global_colors_info=&#8221;{}&#8221;][et_pb_text _builder_version=&#8221;4.20.0&#8243; _module_preset=&#8221;default&#8221; hover_enabled=&#8221;0&#8243; global_colors_info=&#8221;{}&#8221; sticky_enabled=&#8221;0&#8243;]La Rep\u00fablica de Sud\u00e1frica es una de las tres principales econom\u00edas de \u00c1frica, junto con Nigeria y Egipto. Su econom\u00eda de base amplia es una de las m\u00e1s avanzadas entre las econom\u00edas en desarrollo y cuenta con infraestructuras a la altura de cualquier pa\u00eds del primer mundo.[\/et_pb_text][\/et_pb_column][\/et_pb_row][et_pb_row column_structure=&#8221;1_2,1_2&#8243; module_class=&#8221;abtsa1&#8243; _builder_version=&#8221;4.19.4&#8243; _module_preset=&#8221;default&#8221; global_colors_info=&#8221;{}&#8221;][et_pb_column type=&#8221;1_2&#8243; _builder_version=&#8221;4.19.4&#8243; _module_preset=&#8221;default&#8221; global_colors_info=&#8221;{}&#8221;][et_pb_blurb title=&#8221;CLIMA&#8221; image=&#8221;https:\/\/www.wac2027.com\/esp\/wp-content\/uploads\/2023\/01\/WAC_clip_image022.gif&#8221; _builder_version=&#8221;4.20.0&#8243; _module_preset=&#8221;default&#8221; hover_enabled=&#8221;0&#8243; global_colors_info=&#8221;{}&#8221; sticky_enabled=&#8221;0&#8243;]Las condiciones clim\u00e1ticas de Sud\u00e1frica oscilan generalmente entre mediterr\u00e1neas en el extremo suroeste del pa\u00eds, templadas en la meseta interior y subtropicales en el noreste. Una peque\u00f1a zona del noroeste tiene clima des\u00e9rtico. La mayor parte del pa\u00eds tiene d\u00edas c\u00e1lidos y soleados y noches frescas.[\/et_pb_blurb][\/et_pb_column][et_pb_column type=&#8221;1_2&#8243; _builder_version=&#8221;4.19.4&#8243; _module_preset=&#8221;default&#8221; global_colors_info=&#8221;{}&#8221;][et_pb_blurb title=&#8221;EXTENSI\u00d3N&#8221; image=&#8221;https:\/\/www.wac2027.com\/esp\/wp-content\/uploads\/2023\/01\/WAC_clip_image010.gif&#8221; _builder_version=&#8221;4.20.0&#8243; _module_preset=&#8221;default&#8221; hover_enabled=&#8221;0&#8243; global_colors_info=&#8221;{}&#8221; sticky_enabled=&#8221;0&#8243;]Sud\u00e1frica es el 24\u00ba pa\u00eds en extensi\u00f3n geogr\u00e1fica, el 25\u00ba en poblaci\u00f3n, el 33\u00ba en PIB, el 30\u00ba en paridad de poder adquisitivo (PPA) y el 19\u00ba en deuda externa (Economist Pocket World 2020 &#8211; comparativa de 190 pa\u00edses).[\/et_pb_blurb][\/et_pb_column][\/et_pb_row][et_pb_row column_structure=&#8221;1_2,1_2&#8243; module_class=&#8221;abtsa3&#8243; _builder_version=&#8221;4.19.4&#8243; _module_preset=&#8221;default&#8221; global_colors_info=&#8221;{}&#8221;][et_pb_column type=&#8221;1_2&#8243; _builder_version=&#8221;4.19.4&#8243; _module_preset=&#8221;default&#8221; global_colors_info=&#8221;{}&#8221;][et_pb_blurb title=&#8221;PANORAMA POL\u00cdTICO&#8221; image=&#8221;https:\/\/www.wac2027.com\/esp\/wp-content\/uploads\/2023\/01\/WAC_clip_image018.gif&#8221; _builder_version=&#8221;4.20.0&#8243; _module_preset=&#8221;default&#8221; hover_enabled=&#8221;0&#8243; global_colors_info=&#8221;{}&#8221; sticky_enabled=&#8221;0&#8243;]Las primeras elecciones democr\u00e1ticas se celebraron en 1994. El principal partido pol\u00edtico es el Congreso Nacional Africano (ANC) y la oposici\u00f3n oficial es la Alianza Democr\u00e1tica (DA).[\/et_pb_blurb][\/et_pb_column][et_pb_column type=&#8221;1_2&#8243; _builder_version=&#8221;4.19.4&#8243; _module_preset=&#8221;default&#8221; global_colors_info=&#8221;{}&#8221;][et_pb_blurb title=&#8221;DATOS DEMOGR\u00c1FICOS&#8221; image=&#8221;https:\/\/www.wac2027.com\/esp\/wp-content\/uploads\/2023\/01\/WAC_clip_image007.gif&#8221; _builder_version=&#8221;4.20.0&#8243; _module_preset=&#8221;default&#8221; hover_enabled=&#8221;0&#8243; global_colors_info=&#8221;{}&#8221; sticky_enabled=&#8221;0&#8243;]El 79,2 % de la poblaci\u00f3n de Sud\u00e1frica se define como negra, el 8,9 % de color, el 2,5 % asi\u00e1tica, el 8,9 % blanca y el 0,5 % de otra raza.[\/et_pb_blurb][\/et_pb_column][\/et_pb_row][et_pb_row column_structure=&#8221;1_2,1_2&#8243; admin_label=&#8221;3&#8243; module_class=&#8221;abtsa3&#8243; _builder_version=&#8221;4.19.4&#8243; _module_preset=&#8221;default&#8221; global_colors_info=&#8221;{}&#8221;][et_pb_column type=&#8221;1_2&#8243; _builder_version=&#8221;4.19.4&#8243; _module_preset=&#8221;default&#8221; global_colors_info=&#8221;{}&#8221;][et_pb_blurb title=&#8221;CIUDADES CAPITALES&#8221; image=&#8221;https:\/\/www.wac2027.com\/esp\/wp-content\/uploads\/2023\/01\/WAC_clip_image016.gif&#8221; _builder_version=&#8221;4.20.0&#8243; _module_preset=&#8221;default&#8221; hover_enabled=&#8221;0&#8243; global_colors_info=&#8221;{}&#8221; sticky_enabled=&#8221;0&#8243;]Ciudad del Cabo es la capital judicial Pretoria es la capital administrativa Bloemfontein es la capital legislativa[\/et_pb_blurb][\/et_pb_column][et_pb_column type=&#8221;1_2&#8243; _builder_version=&#8221;4.19.4&#8243; _module_preset=&#8221;default&#8221; global_colors_info=&#8221;{}&#8221;][et_pb_blurb title=&#8221;RELIGI\u00d3N&#8221; image=&#8221;https:\/\/www.wac2027.com\/esp\/wp-content\/uploads\/2023\/01\/WAC_clip_image005.gif&#8221; _builder_version=&#8221;4.20.0&#8243; _module_preset=&#8221;default&#8221; hover_enabled=&#8221;0&#8243; global_colors_info=&#8221;{}&#8221; sticky_enabled=&#8221;0&#8243;]Casi el 80 % de la poblaci\u00f3n sudafricana es cristiana, y el 20 % restante es hind\u00fa, musulmana, budista o de otras religiones.[\/et_pb_blurb][\/et_pb_column][\/et_pb_row][et_pb_row column_structure=&#8221;1_2,1_2&#8243; module_class=&#8221;abtsa3&#8243; _builder_version=&#8221;4.19.4&#8243; _module_preset=&#8221;default&#8221; global_colors_info=&#8221;{}&#8221;][et_pb_column type=&#8221;1_2&#8243; _builder_version=&#8221;4.19.4&#8243; _module_preset=&#8221;default&#8221; global_colors_info=&#8221;{}&#8221;][et_pb_blurb title=&#8221;IDIOMASIDIOMAS&#8221; image=&#8221;https:\/\/www.wac2027.com\/esp\/wp-content\/uploads\/2023\/01\/WAC_clip_image014.gif&#8221; _builder_version=&#8221;4.20.0&#8243; _module_preset=&#8221;default&#8221; hover_enabled=&#8221;0&#8243; global_colors_info=&#8221;{}&#8221; sticky_enabled=&#8221;0&#8243;]Sud\u00e1frica tiene 11 idiomas oficiales. El ingl\u00e9s se utiliza sobre todo en los negocios y la educaci\u00f3n.[\/et_pb_blurb][\/et_pb_column][et_pb_column type=&#8221;1_2&#8243; _builder_version=&#8221;4.19.4&#8243; _module_preset=&#8221;default&#8221; global_colors_info=&#8221;{}&#8221;][et_pb_blurb title=&#8221;POBLACI\u00d3N&#8221; image=&#8221;https:\/\/www.wac2027.com\/esp\/wp-content\/uploads\/2023\/01\/WAC_clip_image031.gif&#8221; _builder_version=&#8221;4.20.0&#8243; _module_preset=&#8221;default&#8221; hover_enabled=&#8221;0&#8243; global_colors_info=&#8221;{}&#8221; sticky_enabled=&#8221;0&#8243;]Sud\u00e1frica: 59,62 millones de habitantes[\/et_pb_blurb][\/et_pb_column][\/et_pb_row][\/et_pb_section][et_pb_section fb_built=&#8221;1&#8243; _builder_version=&#8221;4.19.4&#8243; _module_preset=&#8221;default&#8221; global_colors_info=&#8221;{}&#8221;][et_pb_row _builder_version=&#8221;4.19.4&#8243; _module_preset=&#8221;default&#8221; width=&#8221;100%&#8221; max_width=&#8221;100%&#8221; global_colors_info=&#8221;{}&#8221;][et_pb_column type=&#8221;4_4&#8243; _builder_version=&#8221;4.19.4&#8243; _module_preset=&#8221;default&#8221; global_colors_info=&#8221;{}&#8221;][et_pb_gallery gallery_ids=&#8221;1356,1357,1358,1359,1360,1361,1362,1363,1364,1365&#8243; posts_number=&#8221;20&#8243; show_title_and_caption=&#8221;off&#8221; show_pagination=&#8221;off&#8221; _builder_version=&#8221;4.20.0&#8243; _module_preset=&#8221;default&#8221; hover_enabled=&#8221;0&#8243; global_colors_info=&#8221;{}&#8221; sticky_enabled=&#8221;0&#8243;][\/et_pb_gallery][\/et_pb_column][\/et_pb_row][\/et_pb_section]<\/p>\n","protected":false},"excerpt":{"rendered":"<p>Inicio\u00a0 \/\/ \u00a0Sud\u00e1fricaLa Rep\u00fablica de Sud\u00e1frica es una de las tres principales econom\u00edas de \u00c1frica, junto con Nigeria y Egipto. Su econom\u00eda de base amplia es una de las m\u00e1s avanzadas entre las econom\u00edas en desarrollo y cuenta con infraestructuras a la altura de cualquier pa\u00eds del primer mundo.Las condiciones clim\u00e1ticas de Sud\u00e1frica oscilan generalmente [&hellip;]<\/p>\n","protected":false},"author":1,"featured_media":0,"parent":0,"menu_order":0,"comment_status":"closed","ping_status":"closed","template":"","meta":{"_et_pb_use_builder":"on","_et_pb_old_content":"","_et_gb_content_width":"","footnotes":""},"class_list":["post-1233","page","type-page","status-publish","hentry"],"_links":{"self":[{"href":"https:\/\/www.wac2027.com\/esp\/wp-json\/wp\/v2\/pages\/1233","targetHints":{"allow":["GET"]}}],"collection":[{"href":"https:\/\/www.wac2027.com\/esp\/wp-json\/wp\/v2\/pages"}],"about":[{"href":"https:\/\/www.wac2027.com\/esp\/wp-json\/wp\/v2\/types\/page"}],"author":[{"embeddable":true,"href":"https:\/\/www.wac2027.com\/esp\/wp-json\/wp\/v2\/users\/1"}],"replies":[{"embeddable":true,"href":"https:\/\/www.wac2027.com\/esp\/wp-json\/wp\/v2\/comments?post=1233"}],"version-history":[{"count":33,"href":"https:\/\/www.wac2027.com\/esp\/wp-json\/wp\/v2\/pages\/1233\/revisions"}],"predecessor-version":[{"id":1671,"href":"https:\/\/www.wac2027.com\/esp\/wp-json\/wp\/v2\/pages\/1233\/revisions\/1671"}],"wp:attachment":[{"href":"https:\/\/www.wac2027.com\/esp\/wp-json\/wp\/v2\/media?parent=1233"}],"curies":[{"name":"wp","href":"https:\/\/api.w.org\/{rel}","templated":true}]}}